{"id":19002,"date":"2025-01-05T14:34:27","date_gmt":"2025-01-05T14:34:27","guid":{"rendered":"https:\/\/amd-bl.website\/?post_type=product&#038;p=19002"},"modified":"2025-08-21T10:50:54","modified_gmt":"2025-08-21T10:50:54","slug":"80122-torbica-za-elektricare","status":"publish","type":"product","link":"https:\/\/amd-bl.website\/?product=80122-torbica-za-elektricare","title":{"rendered":"80122 Torbica za elektri\u010dare"},"content":{"rendered":"<p>LOK:C3<br \/>\n6933528780380<\/p>\n<p>\u2022 Sa 15 d\u017eepova i om\u010da<br \/>\n\u2022 Ukupna veli\u010dina: 19x13x25cm<br \/>\n\u2022 Neto te\u017eina: 425g<br \/>\n\u2022 1680D dvoslojni PVC oblo\u017een materijal, otporan na habanje, vodootporan, otporan na bu\u0161enje.<br \/>\n\u2022 Torba za alat se mo\u017ee postaviti uspravno, kako bi se izbjeglo rasipanje alata.<br \/>\n\u2022 Veli\u010dina otvora na dnu torbe je podesiva za dr\u017eanje dugih ili kratkih klije\u0161ta.<br \/>\n\u2022 Podesivi bo\u010dni d\u017eepovi za smje\u0161taj debelih ili tankih odvija\u010da.<br \/>\n\u2022 Univerzalni komplet za kai\u0161 \u2013 uklju\u010duje \u010deli\u010dnu kop\u010du za kai\u0161 od 1\u2033 i om\u010de za remen u tunelskom stilu od 2\u2033.<br \/>\n\u2022 Pakovanje: vje\u0161alica za papir<\/p>\n","protected":false},"excerpt":{"rendered":"<p>LOK:C3 6933528780380 \u2022 Sa 15 d\u017eepova i om\u010da \u2022 Ukupna veli\u010dina: 19x13x25cm \u2022 Neto te\u017eina: 425g \u2022 1680D dvoslojni PVC oblo\u017een materijal, otporan na habanje, vodootporan, otporan na bu\u0161enje. \u2022 Torba za alat se mo\u017ee postaviti uspravno, kako bi se izbjeglo rasipanje alata. \u2022 Veli\u010dina otvora na dnu torbe je podesiva za dr\u017eanje dugih ili [&hellip;]<\/p>\n","protected":false},"featured_media":19003,"comment_status":"open","ping_status":"closed","template":"","meta":{"pagelayer_contact_templates":[],"_pagelayer_content":""},"product_brand":[],"product_cat":[164],"product_tag":[],"class_list":{"0":"post-19002","1":"product","2":"type-product","3":"status-publish","4":"has-post-thumbnail","6":"product_cat-oprema-za-alate","8":"first","9":"instock","10":"shipping-taxable","11":"purchasable","12":"product-type-simple"},"_links":{"self":[{"href":"https:\/\/amd-bl.website\/index.php?rest_route=\/wp\/v2\/product\/19002","targetHints":{"allow":["GET"]}}],"collection":[{"href":"https:\/\/amd-bl.website\/index.php?rest_route=\/wp\/v2\/product"}],"about":[{"href":"https:\/\/amd-bl.website\/index.php?rest_route=\/wp\/v2\/types\/product"}],"replies":[{"embeddable":true,"href":"https:\/\/amd-bl.website\/index.php?rest_route=%2Fwp%2Fv2%2Fcomments&post=19002"}],"wp:featuredmedia":[{"embeddable":true,"href":"https:\/\/amd-bl.website\/index.php?rest_route=\/wp\/v2\/media\/19003"}],"wp:attachment":[{"href":"https:\/\/amd-bl.website\/index.php?rest_route=%2Fwp%2Fv2%2Fmedia&parent=19002"}],"wp:term":[{"taxonomy":"product_brand","embeddable":true,"href":"https:\/\/amd-bl.website\/index.php?rest_route=%2Fwp%2Fv2%2Fproduct_brand&post=19002"},{"taxonomy":"product_cat","embeddable":true,"href":"https:\/\/amd-bl.website\/index.php?rest_route=%2Fwp%2Fv2%2Fproduct_cat&post=19002"},{"taxonomy":"product_tag","embeddable":true,"href":"https:\/\/amd-bl.website\/index.php?rest_route=%2Fwp%2Fv2%2Fproduct_tag&post=19002"}],"curies":[{"name":"wp","href":"https:\/\/api.w.org\/{rel}","templated":true}]}}